{"id":27485,"date":"2020-11-24T17:32:35","date_gmt":"2020-11-24T20:32:35","guid":{"rendered":"https:\/\/swimchannel.net\/br\/?page_id=27485"},"modified":"2025-03-03T19:24:58","modified_gmt":"2025-03-03T22:24:58","slug":"home-2","status":"publish","type":"page","link":"https:\/\/swimchannel.net\/br\/home-2\/","title":{"rendered":"Home2"},"content":{"rendered":"<p>[vc_row full_width=&#8221;stretch_row&#8221; vc_row_background=&#8221;&#8221;][vc_column width=&#8221;1\/2&#8243; css=&#8221;.vc_custom_1741040632144{margin-top: 40px !important;margin-left: -100px !important;}&#8221;][vc_single_image image=&#8221;69719&#8243; img_size=&#8221;200&#215;112&#8243; alignment=&#8221;right&#8221;][\/vc_column][vc_column width=&#8221;1\/2&#8243;][vc_column_text]<\/p>\n<p style=\"text-align: left;\">[elfsight_countdown_timer id=&#8221;1&#8243;]<\/p>\n<p>[\/vc_column_text][\/vc_column][\/vc_row][vc_row][vc_column][vc_column_text][wp_bannerize_pro numbers=&#8221;1&#8243; categories=&#8221;Topo&#8221; orderby=&#8221;random&#8221; ][\/vc_column_text][\/vc_column][\/vc_row][vc_row][vc_column]<div  class=\"jeg_heroblock jeg_heroblock_6 jeg_col_2o3 jeg_hero_style_2 jnews_module__0_6a9719a142c37  \" data-margin=\"5\" >\n                <div class=\"jeg_heroblock_wrapper\" style='margin: 0px 0px -5px -5px;'>\n\t                <article class=\"jeg_post jeg_hero_item_1 format-standard\" style=\"padding: 0 0 5px 5px;\">\n                    <div class=\"jeg_block_container\">\n                        \n                        <span class=\"jeg_postformat_icon\"><\/span>\n                        <div class=\"jeg_thumb\">\n                            <a href=\"https:\/\/swimchannel.net\/br\/2o-dia-de-eliminatorias-do-finkel-termina-sem-indices\/\" ><div class=\"thumbnail-container thumbnail-background\" data-src=\"https:\/\/swimchannel.net\/br\/wp-content\/uploads\/2026\/08\/55500304434_7e5fa28343_k.jpg\" >\n                        <div class=\"lazyloaded\" data-src=\"https:\/\/swimchannel.net\/br\/wp-content\/uploads\/2026\/08\/55500304434_7e5fa28343_k.jpg\" style=\"background-image: url(https:\/\/swimchannel.net\/br\/wp-content\/uploads\/2026\/08\/55500304434_7e5fa28343_k.jpg)\"><\/div>\n                    <\/div><\/a>\n                        <\/div>\n                        <div class=\"jeg_postblock_content\">\n                            <div class=\"jeg_post_category\"><a href=\"https:\/\/swimchannel.net\/br\/category\/ultimas-noticias\/natacao\/\" class=\"category-natacao\">Nata\u00e7\u00e3o<\/a><\/div>\n                            <div class=\"jeg_post_info\">\n                                <h2 class=\"jeg_post_title\">\n                                    <a href=\"https:\/\/swimchannel.net\/br\/2o-dia-de-eliminatorias-do-finkel-termina-sem-indices\/\" >2\u00ba dia de eliminat\u00f3rias do Finkel termina sem \u00edndices<\/a>\n                                <\/h2>\n                                <div class=\"jeg_post_meta\"><div class=\"jeg_meta_author\"><span class=\"by\">Por<\/span> <a href=\"https:\/\/swimchannel.net\/br\/author\/guilherme-freitas\/\">Guilherme Freitas<\/a><\/div><div class=\"jeg_meta_date\"><a href=\"https:\/\/swimchannel.net\/br\/2o-dia-de-eliminatorias-do-finkel-termina-sem-indices\/\"><i class=\"fa fa-clock-o\"><\/i> 1 de setembro de 2026<\/a><\/div><\/div>\n                            <\/div>\n                        <\/div>\n                    <\/div>\n                <\/article>\n            <div class=\"jeg_heroblock_scroller\">\n                <article class=\"jeg_post jeg_hero_item_2 format-standard\" style=\"padding: 0 0 5px 5px;\">\n                    <div class=\"jeg_block_container\">\n                        \n                        <span class=\"jeg_postformat_icon\"><\/span>\n                        <div class=\"jeg_thumb\">\n                            <a href=\"https:\/\/swimchannel.net\/br\/brasil-conquista-16-medalhas-no-parapan-pacifico-de-natacao\/\" ><div class=\"thumbnail-container thumbnail-background\" data-src=\"https:\/\/swimchannel.net\/br\/wp-content\/uploads\/2024\/09\/WhatsApp-Image-2024-09-06-at-14.22.59-aspect-ratio-512-320-750x469.jpeg\" >\n                        <div class=\"lazyloaded\" data-src=\"https:\/\/swimchannel.net\/br\/wp-content\/uploads\/2024\/09\/WhatsApp-Image-2024-09-06-at-14.22.59-aspect-ratio-512-320-750x469.jpeg\" style=\"background-image: url(https:\/\/swimchannel.net\/br\/wp-content\/uploads\/2024\/09\/WhatsApp-Image-2024-09-06-at-14.22.59-aspect-ratio-512-320-750x469.jpeg)\"><\/div>\n                    <\/div><\/a>\n                        <\/div>\n                        <div class=\"jeg_postblock_content\">\n                            <div class=\"jeg_post_category\">\n                                <a href=\"https:\/\/swimchannel.net\/br\/category\/ultimas-noticias\/natacao-paralimpica\/\" class=\"category-natacao-paralimpica\">Nata\u00e7\u00e3o Paral\u00edmpica<\/a>\n                            <\/div>\n                            <div class=\"jeg_post_info\">\n                                <h2 class=\"jeg_post_title\">\n                                    <a href=\"https:\/\/swimchannel.net\/br\/brasil-conquista-16-medalhas-no-parapan-pacifico-de-natacao\/\">Brasil conquista 16 medalhas no Parapan-Pac\u00edfico de Nata\u00e7\u00e3o<\/a>\n                                <\/h2>\n                                <div class=\"jeg_post_meta\"><div class=\"jeg_meta_date\"><a href=\"https:\/\/swimchannel.net\/br\/brasil-conquista-16-medalhas-no-parapan-pacifico-de-natacao\/\" ><i class=\"fa fa-clock-o\"><\/i> 1 de setembro de 2026<\/a><\/div><\/div>\n                            <\/div>\n                        <\/div>\n                    <\/div>\n                <\/article><article class=\"jeg_post jeg_hero_item_3 format-standard\" style=\"padding: 0 0 5px 5px;\">\n                    <div class=\"jeg_block_container\">\n                        \n                        <span class=\"jeg_postformat_icon\"><\/span>\n                        <div class=\"jeg_thumb\">\n                            <a href=\"https:\/\/swimchannel.net\/br\/a-primeira-a-gente-nunca-esquece-versao-1-do-finkel-2026\/\" ><div class=\"thumbnail-container thumbnail-background\" data-src=\"https:\/\/swimchannel.net\/br\/wp-content\/uploads\/2026\/08\/55500520620_d8448d41b3_k-750x449.jpg\" >\n                        <div class=\"lazyloaded\" data-src=\"https:\/\/swimchannel.net\/br\/wp-content\/uploads\/2026\/08\/55500520620_d8448d41b3_k-750x449.jpg\" style=\"background-image: url(https:\/\/swimchannel.net\/br\/wp-content\/uploads\/2026\/08\/55500520620_d8448d41b3_k-750x449.jpg)\"><\/div>\n                    <\/div><\/a>\n                        <\/div>\n                        <div class=\"jeg_postblock_content\">\n                            <div class=\"jeg_post_category\">\n                                <a href=\"https:\/\/swimchannel.net\/br\/category\/campeonatos\/trofeu-jose-finkel\/\" class=\"category-trofeu-jose-finkel\">Trof\u00e9u Jos\u00e9 Finkel<\/a>\n                            <\/div>\n                            <div class=\"jeg_post_info\">\n                                <h2 class=\"jeg_post_title\">\n                                    <a href=\"https:\/\/swimchannel.net\/br\/a-primeira-a-gente-nunca-esquece-versao-1-do-finkel-2026\/\">A primeira, a gente nunca esquece, vers\u00e3o 1 do Finkel 2026<\/a>\n                                <\/h2>\n                                <div class=\"jeg_post_meta\"><div class=\"jeg_meta_date\"><a href=\"https:\/\/swimchannel.net\/br\/a-primeira-a-gente-nunca-esquece-versao-1-do-finkel-2026\/\" ><i class=\"fa fa-clock-o\"><\/i> 1 de setembro de 2026<\/a><\/div><\/div>\n                            <\/div>\n                        <\/div>\n                    <\/div>\n                <\/article><article class=\"jeg_post jeg_hero_item_4 format-standard\" style=\"padding: 0 0 5px 5px;\">\n                    <div class=\"jeg_block_container\">\n                        \n                        <span class=\"jeg_postformat_icon\"><\/span>\n                        <div class=\"jeg_thumb\">\n                            <a href=\"https:\/\/swimchannel.net\/br\/todos-os-recordes-batidos-no-primeiro-dia-do-trofeu-jose-finkel-2026\/\" ><div class=\"thumbnail-container thumbnail-background\" data-src=\"https:\/\/swimchannel.net\/br\/wp-content\/uploads\/2026\/09\/55501261514_1025260fbc_k-750x447.jpg\" >\n                        <div class=\"lazyloaded\" data-src=\"https:\/\/swimchannel.net\/br\/wp-content\/uploads\/2026\/09\/55501261514_1025260fbc_k-750x447.jpg\" style=\"background-image: url(https:\/\/swimchannel.net\/br\/wp-content\/uploads\/2026\/09\/55501261514_1025260fbc_k-750x447.jpg)\"><\/div>\n                    <\/div><\/a>\n                        <\/div>\n                        <div class=\"jeg_postblock_content\">\n                            <div class=\"jeg_post_category\">\n                                <a href=\"https:\/\/swimchannel.net\/br\/category\/campeonatos\/trofeu-jose-finkel\/\" class=\"category-trofeu-jose-finkel\">Trof\u00e9u Jos\u00e9 Finkel<\/a>\n                            <\/div>\n                            <div class=\"jeg_post_info\">\n                                <h2 class=\"jeg_post_title\">\n                                    <a href=\"https:\/\/swimchannel.net\/br\/todos-os-recordes-batidos-no-primeiro-dia-do-trofeu-jose-finkel-2026\/\">Todos os recordes batidos no primeiro dia do Trof\u00e9u Jos\u00e9 Finkel 2026<\/a>\n                                <\/h2>\n                                <div class=\"jeg_post_meta\"><div class=\"jeg_meta_date\"><a href=\"https:\/\/swimchannel.net\/br\/todos-os-recordes-batidos-no-primeiro-dia-do-trofeu-jose-finkel-2026\/\" ><i class=\"fa fa-clock-o\"><\/i> 1 de setembro de 2026<\/a><\/div><\/div>\n                            <\/div>\n                        <\/div>\n                    <\/div>\n                <\/article>\n            <\/div>\n\t            <\/div>\n            <\/div>\n            [vc_column_text][wp_bannerize_pro numbers=&#8221;1&#8243; categories=&#8221;Topo&#8221; orderby=&#8221;random&#8221; ][\/vc_column_text][\/vc_column][\/vc_row][vc_row][vc_column width=&#8221;1\/2&#8243;][vc_video link=&#8221;https:\/\/www.youtube.com\/live\/Tub7KPSFB3E?si=b_L4evu3uwAbdSdn&#8221;][\/vc_column][vc_column width=&#8221;1\/2&#8243;][vc_single_image image=&#8221;65429&#8243; img_size=&#8221;full&#8221; onclick=&#8221;custom_link&#8221; link=&#8221;https:\/\/loja.swimchannel.net\/loja\/?product-cat=cbda&#8221;][\/vc_column][\/vc_row][vc_row][vc_column][vc_empty_space height=&#8221;62px&#8221;][vc_column_text][wp_bannerize_pro numbers=&#8221;1&#8243; categories=&#8221;Topo&#8221; orderby=&#8221;random&#8221; ][\/vc_column_text][\/vc_column][\/vc_row][vc_row][vc_column width=&#8221;2\/3&#8243;]<div  class=\"jeg_postblock_3 jeg_postblock jeg_module_hook jeg_pagination_disable jeg_col_2o3 jnews_module__1_6a9719a145053   \" data-unique=\"jnews_module__1_6a9719a145053\">\n                <div class=\"jeg_block_heading jeg_block_heading_6 jeg_subcat_right\">\n                    <h3 class=\"jeg_block_title\"><span>\u00daLTIMAS<strong>NOT\u00cdCIAS<\/strong><\/span><\/h3>\n                    \n                <\/div>\n                <div class=\"jeg_posts jeg_block_container\">\n                \n                <div class=\"jeg_posts jeg_load_more_flag\">\n                <article class=\"jeg_post jeg_pl_md_2 format-standard\">\n                <div class=\"jeg_thumb\">\n                    \n                    <a href=\"https:\/\/swimchannel.net\/br\/8-indices-para-o-mundial-no-primeiro-dia-do-mundial\/\"><div class=\"thumbnail-container animate-lazy  size-715 \"><img loading=\"lazy\" decoding=\"async\" width=\"350\" height=\"250\" src=\"https:\/\/swimchannel.net\/br\/wp-content\/themes\/jnews\/assets\/img\/jeg-empty.png\" class=\"attachment-jnews-350x250 size-jnews-350x250 lazyload wp-post-image\" alt=\"8 \u00edndices para o Mundial no primeiro dia do Finkel\" sizes=\"auto, (max-width: 350px) 100vw, 350px\" data-src=\"https:\/\/swimchannel.net\/br\/wp-content\/uploads\/2026\/09\/55501102936_ba40f6c5d1_k-350x250.jpg\" data-srcset=\"https:\/\/swimchannel.net\/br\/wp-content\/uploads\/2026\/09\/55501102936_ba40f6c5d1_k-350x250.jpg 350w, https:\/\/swimchannel.net\/br\/wp-content\/uploads\/2026\/09\/55501102936_ba40f6c5d1_k-120x86.jpg 120w, https:\/\/swimchannel.net\/br\/wp-content\/uploads\/2026\/09\/55501102936_ba40f6c5d1_k-750x536.jpg 750w\" data-sizes=\"auto\" data-expand=\"700\" \/><\/div><\/a>\n                <\/div>\n                <div class=\"jeg_postblock_content\">\n                    <h3 class=\"jeg_post_title\">\n                        <a href=\"https:\/\/swimchannel.net\/br\/8-indices-para-o-mundial-no-primeiro-dia-do-mundial\/\">8 \u00edndices para o Mundial no primeiro dia do Finkel<\/a>\n                    <\/h3>\n                    <div class=\"jeg_post_meta\"><div class=\"jeg_meta_author\"><span class=\"by\">Por<\/span> <a href=\"https:\/\/swimchannel.net\/br\/author\/alexpussieldi\/\">Alex Pussieldi<\/a><\/div><div class=\"jeg_meta_date\"><a href=\"https:\/\/swimchannel.net\/br\/8-indices-para-o-mundial-no-primeiro-dia-do-mundial\/\"><i class=\"fa fa-clock-o\"><\/i> 1 de setembro de 2026<\/a><\/div><div class=\"jeg_meta_comment\"><a href=\"https:\/\/swimchannel.net\/br\/8-indices-para-o-mundial-no-primeiro-dia-do-mundial\/#comments\" ><i class=\"fa fa-comment-o\"><\/i> 0 <\/a><\/div><\/div>\n                    <div class=\"jeg_post_excerpt\">\n                        <p>A Sele\u00e7\u00e3o Brasileira ter\u00e1 apenas 15 nadadores no Campeonato Mundial de Piscina Curta, todos os atletas a serem convocados precisam...<\/p>\n                    <\/div>\n                <\/div>\n            <\/article><article class=\"jeg_post jeg_pl_md_2 format-standard\">\n                <div class=\"jeg_thumb\">\n                    \n                    <a href=\"https:\/\/swimchannel.net\/br\/primeiro-dia-do-finkel-registra-dois-recordes-sul-americanos\/\"><div class=\"thumbnail-container animate-lazy  size-715 \"><img loading=\"lazy\" decoding=\"async\" width=\"350\" height=\"250\" src=\"https:\/\/swimchannel.net\/br\/wp-content\/themes\/jnews\/assets\/img\/jeg-empty.png\" class=\"attachment-jnews-350x250 size-jnews-350x250 lazyload wp-post-image\" alt=\"Primeiro dia do Finkel registra dois recordes sul-americanos\" sizes=\"auto, (max-width: 350px) 100vw, 350px\" data-src=\"https:\/\/swimchannel.net\/br\/wp-content\/uploads\/2026\/08\/55500305044_7ef6d81332_k-350x250.jpg\" data-srcset=\"https:\/\/swimchannel.net\/br\/wp-content\/uploads\/2026\/08\/55500305044_7ef6d81332_k-350x250.jpg 350w, https:\/\/swimchannel.net\/br\/wp-content\/uploads\/2026\/08\/55500305044_7ef6d81332_k-120x86.jpg 120w, https:\/\/swimchannel.net\/br\/wp-content\/uploads\/2026\/08\/55500305044_7ef6d81332_k-750x536.jpg 750w\" data-sizes=\"auto\" data-expand=\"700\" \/><\/div><\/a>\n                <\/div>\n                <div class=\"jeg_postblock_content\">\n                    <h3 class=\"jeg_post_title\">\n                        <a href=\"https:\/\/swimchannel.net\/br\/primeiro-dia-do-finkel-registra-dois-recordes-sul-americanos\/\">Primeiro dia do Finkel registra dois recordes sul-americanos<\/a>\n                    <\/h3>\n                    <div class=\"jeg_post_meta\"><div class=\"jeg_meta_author\"><span class=\"by\">Por<\/span> <a href=\"https:\/\/swimchannel.net\/br\/author\/guilherme-freitas\/\">Guilherme Freitas<\/a><\/div><div class=\"jeg_meta_date\"><a href=\"https:\/\/swimchannel.net\/br\/primeiro-dia-do-finkel-registra-dois-recordes-sul-americanos\/\"><i class=\"fa fa-clock-o\"><\/i> 31 de agosto de 2026<\/a><\/div><div class=\"jeg_meta_comment\"><a href=\"https:\/\/swimchannel.net\/br\/primeiro-dia-do-finkel-registra-dois-recordes-sul-americanos\/#comments\" ><i class=\"fa fa-comment-o\"><\/i> 0 <\/a><\/div><\/div>\n                    <div class=\"jeg_post_excerpt\">\n                        <p>O primeiro dia de finais do Trof\u00e9u Jos\u00e9 Finkel registou dois novos recordes sul-americanos, uma enxurrada de \u00edndices para o...<\/p>\n                    <\/div>\n                <\/div>\n            <\/article><article class=\"jeg_post jeg_pl_md_2 format-standard\">\n                <div class=\"jeg_thumb\">\n                    \n                    <a href=\"https:\/\/swimchannel.net\/br\/fernando-scheffer-anuncia-aposentadoria-para-o-finkel-2026\/\"><div class=\"thumbnail-container animate-lazy  size-715 \"><img loading=\"lazy\" decoding=\"async\" width=\"350\" height=\"250\" src=\"https:\/\/swimchannel.net\/br\/wp-content\/themes\/jnews\/assets\/img\/jeg-empty.png\" class=\"attachment-jnews-350x250 size-jnews-350x250 lazyload wp-post-image\" alt=\"Fernando Scheffer anuncia aposentadoria para o Finkel 2026\" sizes=\"auto, (max-width: 350px) 100vw, 350px\" data-src=\"https:\/\/swimchannel.net\/br\/wp-content\/uploads\/2026\/08\/ntc_1697635931-350x250.jpeg\" data-srcset=\"https:\/\/swimchannel.net\/br\/wp-content\/uploads\/2026\/08\/ntc_1697635931-350x250.jpeg 350w, https:\/\/swimchannel.net\/br\/wp-content\/uploads\/2026\/08\/ntc_1697635931-120x86.jpeg 120w, https:\/\/swimchannel.net\/br\/wp-content\/uploads\/2026\/08\/ntc_1697635931-750x536.jpeg 750w\" data-sizes=\"auto\" data-expand=\"700\" \/><\/div><\/a>\n                <\/div>\n                <div class=\"jeg_postblock_content\">\n                    <h3 class=\"jeg_post_title\">\n                        <a href=\"https:\/\/swimchannel.net\/br\/fernando-scheffer-anuncia-aposentadoria-para-o-finkel-2026\/\">Fernando Scheffer anuncia aposentadoria para o Finkel 2026<\/a>\n                    <\/h3>\n                    <div class=\"jeg_post_meta\"><div class=\"jeg_meta_author\"><span class=\"by\">Por<\/span> <a href=\"https:\/\/swimchannel.net\/br\/author\/alexpussieldi\/\">Alex Pussieldi<\/a><\/div><div class=\"jeg_meta_date\"><a href=\"https:\/\/swimchannel.net\/br\/fernando-scheffer-anuncia-aposentadoria-para-o-finkel-2026\/\"><i class=\"fa fa-clock-o\"><\/i> 31 de agosto de 2026<\/a><\/div><div class=\"jeg_meta_comment\"><a href=\"https:\/\/swimchannel.net\/br\/fernando-scheffer-anuncia-aposentadoria-para-o-finkel-2026\/#comments\" ><i class=\"fa fa-comment-o\"><\/i> 0 <\/a><\/div><\/div>\n                    <div class=\"jeg_post_excerpt\">\n                        <p>Fernando Scheffer anunciou via suas redes sociais a sua aposentadoria da nata\u00e7\u00e3o. Na v\u00e9spera do in\u00edcio do Trof\u00e9u Jos\u00e9 Finkel,...<\/p>\n                    <\/div>\n                <\/div>\n            <\/article>\n            <\/div>\n                <div class='module-overlay'>\n                <div class='preloader_type preloader_dot'>\n                    <div class=\"module-preloader jeg_preloader dot\">\n                        <span><\/span><span><\/span><span><\/span>\n                    <\/div>\n                    <div class=\"module-preloader jeg_preloader circle\">\n                        <div class=\"jnews_preloader_circle_outer\">\n                            <div class=\"jnews_preloader_circle_inner\"><\/div>\n                        <\/div>\n                    <\/div>\n                    <div class=\"module-preloader jeg_preloader square\">\n                        <div class=\"jeg_square\"><div class=\"jeg_square_inner\"><\/div><\/div>\n                    <\/div>\n                <\/div>\n            <\/div>\n            <\/div>\n            <div class=\"jeg_block_navigation\">\n                <div class='navigation_overlay'><div class='module-preloader jeg_preloader'><span><\/span><span><\/span><span><\/span><\/div><\/div>\n                \n                \n            <\/div>\n                \n                <script>var jnews_module__1_6a9719a145053 = {\"header_icon\":\"\",\"first_title\":\"\\u00daLTIMAS\",\"second_title\":\"NOT\\u00cdCIAS\",\"url\":\"\",\"header_type\":\"heading_6\",\"header_background\":\"\",\"header_secondary_background\":\"\",\"header_text_color\":\"\",\"header_line_color\":\"\",\"header_accent_color\":\"\",\"header_filter_category\":\"\",\"header_filter_author\":\"\",\"header_filter_tag\":\"\",\"header_filter_text\":\"All\",\"post_type\":\"post\",\"content_type\":\"all\",\"number_post\":\"3\",\"post_offset\":\"0\",\"unique_content\":\"unique1\",\"include_post\":\"\",\"exclude_post\":\"84272,84288,84281,84277\",\"include_category\":\"\",\"exclude_category\":\"\",\"include_author\":\"\",\"include_tag\":\"\",\"exclude_tag\":\"\",\"sort_by\":\"latest\",\"date_format\":\"default\",\"date_format_custom\":\"Y\\\/m\\\/d\",\"excerpt_length\":\"20\",\"excerpt_ellipsis\":\"...\",\"force_normal_image_load\":\"\",\"pagination_mode\":\"disable\",\"pagination_nextprev_showtext\":\"\",\"pagination_number_post\":4,\"pagination_scroll_limit\":0,\"ads_type\":\"disable\",\"ads_position\":1,\"ads_random\":\"\",\"ads_image\":\"\",\"ads_image_tablet\":\"\",\"ads_image_phone\":\"\",\"ads_image_link\":\"\",\"ads_image_alt\":\"\",\"ads_image_new_tab\":\"\",\"google_publisher_id\":\"\",\"google_slot_id\":\"\",\"google_desktop\":\"auto\",\"google_tab\":\"auto\",\"google_phone\":\"auto\",\"content\":\"\",\"ads_bottom_text\":\"\",\"boxed\":\"\",\"boxed_shadow\":\"\",\"el_id\":\"\",\"el_class\":\"\",\"scheme\":\"\",\"column_width\":\"auto\",\"title_color\":\"\",\"accent_color\":\"\",\"alt_color\":\"\",\"excerpt_color\":\"\",\"css\":\"\",\"compatible_column_notice\":\"\",\"paged\":1,\"column_class\":\"jeg_col_2o3\",\"class\":\"jnews_block_3\"};<\/script>\n            <\/div>[vc_column_text][wp_bannerize_pro numbers=&#8221;1&#8243; categories=&#8221;Pagina&#8221; orderby=&#8221;random&#8221; ][\/vc_column_text]<div  class=\"jeg_postblock_3 jeg_postblock jeg_module_hook jeg_pagination_disable jeg_col_2o3 jnews_module__2_6a9719a146a89   \" data-unique=\"jnews_module__2_6a9719a146a89\">\n                \n                <div class=\"jeg_posts jeg_block_container\">\n                \n                <div class=\"jeg_posts jeg_load_more_flag\">\n                <article class=\"jeg_post jeg_pl_md_2 format-standard\">\n                <div class=\"jeg_thumb\">\n                    \n                    <a href=\"https:\/\/swimchannel.net\/br\/finkel-2026-comeca-com-recordes-e-indices-no-pinheiros\/\"><div class=\"thumbnail-container animate-lazy  size-715 \"><img loading=\"lazy\" decoding=\"async\" width=\"350\" height=\"250\" src=\"https:\/\/swimchannel.net\/br\/wp-content\/themes\/jnews\/assets\/img\/jeg-empty.png\" class=\"attachment-jnews-350x250 size-jnews-350x250 lazyload wp-post-image\" alt=\"Resumo do quinto e \u00faltimo dia de eliminat\u00f3rias do Finkel\" sizes=\"auto, (max-width: 350px) 100vw, 350px\" data-src=\"https:\/\/swimchannel.net\/br\/wp-content\/uploads\/2025\/11\/54893318737_9cd1b546fc_k-350x250.jpg\" data-srcset=\"https:\/\/swimchannel.net\/br\/wp-content\/uploads\/2025\/11\/54893318737_9cd1b546fc_k-350x250.jpg 350w, https:\/\/swimchannel.net\/br\/wp-content\/uploads\/2025\/11\/54893318737_9cd1b546fc_k-120x86.jpg 120w, https:\/\/swimchannel.net\/br\/wp-content\/uploads\/2025\/11\/54893318737_9cd1b546fc_k-750x536.jpg 750w, https:\/\/swimchannel.net\/br\/wp-content\/uploads\/2025\/11\/54893318737_9cd1b546fc_k-1140x815.jpg 1140w\" data-sizes=\"auto\" data-expand=\"700\" \/><\/div><\/a>\n                <\/div>\n                <div class=\"jeg_postblock_content\">\n                    <h3 class=\"jeg_post_title\">\n                        <a href=\"https:\/\/swimchannel.net\/br\/finkel-2026-comeca-com-recordes-e-indices-no-pinheiros\/\">Finkel 2026 come\u00e7a com recordes e \u00edndices no Pinheiros<\/a>\n                    <\/h3>\n                    <div class=\"jeg_post_meta\"><div class=\"jeg_meta_author\"><span class=\"by\">Por<\/span> <a href=\"https:\/\/swimchannel.net\/br\/author\/guilherme-freitas\/\">Guilherme Freitas<\/a><\/div><div class=\"jeg_meta_date\"><a href=\"https:\/\/swimchannel.net\/br\/finkel-2026-comeca-com-recordes-e-indices-no-pinheiros\/\"><i class=\"fa fa-clock-o\"><\/i> 31 de agosto de 2026<\/a><\/div><div class=\"jeg_meta_comment\"><a href=\"https:\/\/swimchannel.net\/br\/finkel-2026-comeca-com-recordes-e-indices-no-pinheiros\/#comments\" ><i class=\"fa fa-comment-o\"><\/i> 0 <\/a><\/div><\/div>\n                    <div class=\"jeg_post_excerpt\">\n                        <p>Come\u00e7ou com tudo o Trof\u00e9u Jos\u00e9 Finkel 2026 na piscina do Esporte Clube Pinheiros, registrando logo no primeiro dia de...<\/p>\n                    <\/div>\n                <\/div>\n            <\/article><article class=\"jeg_post jeg_pl_md_2 format-standard\">\n                <div class=\"jeg_thumb\">\n                    \n                    <a href=\"https:\/\/swimchannel.net\/br\/pedro-henrique-andrade-e-silvia-isawa-triunfam-na-travessiga\/\"><div class=\"thumbnail-container animate-lazy  size-715 \"><img loading=\"lazy\" decoding=\"async\" width=\"350\" height=\"250\" src=\"https:\/\/swimchannel.net\/br\/wp-content\/themes\/jnews\/assets\/img\/jeg-empty.png\" class=\"attachment-jnews-350x250 size-jnews-350x250 lazyload wp-post-image\" alt=\"Pedro Henrique Andrade e S\u00edlvia Isawa triunfam na TravesSIGA\" sizes=\"auto, (max-width: 350px) 100vw, 350px\" data-src=\"https:\/\/swimchannel.net\/br\/wp-content\/uploads\/2026\/08\/travessiga2026-350x250.jpg\" data-srcset=\"https:\/\/swimchannel.net\/br\/wp-content\/uploads\/2026\/08\/travessiga2026-350x250.jpg 350w, https:\/\/swimchannel.net\/br\/wp-content\/uploads\/2026\/08\/travessiga2026-120x86.jpg 120w\" data-sizes=\"auto\" data-expand=\"700\" \/><\/div><\/a>\n                <\/div>\n                <div class=\"jeg_postblock_content\">\n                    <h3 class=\"jeg_post_title\">\n                        <a href=\"https:\/\/swimchannel.net\/br\/pedro-henrique-andrade-e-silvia-isawa-triunfam-na-travessiga\/\">Pedro Henrique Andrade e S\u00edlvia Isawa triunfam na TravesSIGA<\/a>\n                    <\/h3>\n                    <div class=\"jeg_post_meta\"><div class=\"jeg_meta_author\"><span class=\"by\">Por<\/span> <a href=\"https:\/\/swimchannel.net\/br\/author\/guilherme-freitas\/\">Guilherme Freitas<\/a><\/div><div class=\"jeg_meta_date\"><a href=\"https:\/\/swimchannel.net\/br\/pedro-henrique-andrade-e-silvia-isawa-triunfam-na-travessiga\/\"><i class=\"fa fa-clock-o\"><\/i> 30 de agosto de 2026<\/a><\/div><div class=\"jeg_meta_comment\"><a href=\"https:\/\/swimchannel.net\/br\/pedro-henrique-andrade-e-silvia-isawa-triunfam-na-travessiga\/#comments\" ><i class=\"fa fa-comment-o\"><\/i> 0 <\/a><\/div><\/div>\n                    <div class=\"jeg_post_excerpt\">\n                        <p>Aconteceu no \u00faltimo s\u00e1bado a 2\u00aa etapa da temporada 2026 da TravesSIGA, disputada nas \u00e1guas da Represa Billings, em Riacho...<\/p>\n                    <\/div>\n                <\/div>\n            <\/article><article class=\"jeg_post jeg_pl_md_2 format-standard\">\n                <div class=\"jeg_thumb\">\n                    \n                    <a href=\"https:\/\/swimchannel.net\/br\/barbara-hernandez-completa-a-tripla-coroa-dupla-das-aguas-abertas\/\"><div class=\"thumbnail-container animate-lazy  size-715 \"><img loading=\"lazy\" decoding=\"async\" width=\"350\" height=\"250\" src=\"https:\/\/swimchannel.net\/br\/wp-content\/themes\/jnews\/assets\/img\/jeg-empty.png\" class=\"attachment-jnews-350x250 size-jnews-350x250 lazyload wp-post-image\" alt=\"B\u00e1rbara Hern\u00e1ndez completa a Tripla Coroa Dupla das \u00c1guas Abertas\" sizes=\"auto, (max-width: 350px) 100vw, 350px\" data-src=\"https:\/\/swimchannel.net\/br\/wp-content\/uploads\/2026\/08\/275050267_989607468346336_5893024158104433018_n-350x250.webp\" data-srcset=\"https:\/\/swimchannel.net\/br\/wp-content\/uploads\/2026\/08\/275050267_989607468346336_5893024158104433018_n-350x250.webp 350w, https:\/\/swimchannel.net\/br\/wp-content\/uploads\/2026\/08\/275050267_989607468346336_5893024158104433018_n-120x86.webp 120w, https:\/\/swimchannel.net\/br\/wp-content\/uploads\/2026\/08\/275050267_989607468346336_5893024158104433018_n-750x536.webp 750w, https:\/\/swimchannel.net\/br\/wp-content\/uploads\/2026\/08\/275050267_989607468346336_5893024158104433018_n-1140x815.webp 1140w\" data-sizes=\"auto\" data-expand=\"700\" \/><\/div><\/a>\n                <\/div>\n                <div class=\"jeg_postblock_content\">\n                    <h3 class=\"jeg_post_title\">\n                        <a href=\"https:\/\/swimchannel.net\/br\/barbara-hernandez-completa-a-tripla-coroa-dupla-das-aguas-abertas\/\">B\u00e1rbara Hern\u00e1ndez completa a Tripla Coroa Dupla das \u00c1guas Abertas<\/a>\n                    <\/h3>\n                    <div class=\"jeg_post_meta\"><div class=\"jeg_meta_author\"><span class=\"by\">Por<\/span> <a href=\"https:\/\/swimchannel.net\/br\/author\/guilherme-freitas\/\">Guilherme Freitas<\/a><\/div><div class=\"jeg_meta_date\"><a href=\"https:\/\/swimchannel.net\/br\/barbara-hernandez-completa-a-tripla-coroa-dupla-das-aguas-abertas\/\"><i class=\"fa fa-clock-o\"><\/i> 28 de agosto de 2026<\/a><\/div><div class=\"jeg_meta_comment\"><a href=\"https:\/\/swimchannel.net\/br\/barbara-hernandez-completa-a-tripla-coroa-dupla-das-aguas-abertas\/#comments\" ><i class=\"fa fa-comment-o\"><\/i> 0 <\/a><\/div><\/div>\n                    <div class=\"jeg_post_excerpt\">\n                        <p>A nadadora chilena B\u00e1rbara Hern\u00e1ndez fez hist\u00f3ria ao completar uma travessia de ida e volta no Canal de Catalina, na...<\/p>\n                    <\/div>\n                <\/div>\n            <\/article>\n            <\/div>\n                <div class='module-overlay'>\n                <div class='preloader_type preloader_dot'>\n                    <div class=\"module-preloader jeg_preloader dot\">\n                        <span><\/span><span><\/span><span><\/span>\n                    <\/div>\n                    <div class=\"module-preloader jeg_preloader circle\">\n                        <div class=\"jnews_preloader_circle_outer\">\n                            <div class=\"jnews_preloader_circle_inner\"><\/div>\n                        <\/div>\n                    <\/div>\n                    <div class=\"module-preloader jeg_preloader square\">\n                        <div class=\"jeg_square\"><div class=\"jeg_square_inner\"><\/div><\/div>\n                    <\/div>\n                <\/div>\n            <\/div>\n            <\/div>\n            <div class=\"jeg_block_navigation\">\n                <div class='navigation_overlay'><div class='module-preloader jeg_preloader'><span><\/span><span><\/span><span><\/span><\/div><\/div>\n                \n                \n            <\/div>\n                \n                <script>var jnews_module__2_6a9719a146a89 = {\"header_icon\":\"\",\"first_title\":\"\",\"second_title\":\"\",\"url\":\"\",\"header_type\":\"heading_6\",\"header_background\":\"\",\"header_secondary_background\":\"\",\"header_text_color\":\"\",\"header_line_color\":\"\",\"header_accent_color\":\"\",\"header_filter_category\":\"\",\"header_filter_author\":\"\",\"header_filter_tag\":\"\",\"header_filter_text\":\"All\",\"post_type\":\"post\",\"content_type\":\"all\",\"number_post\":\"3\",\"post_offset\":\"0\",\"unique_content\":\"unique1\",\"include_post\":\"\",\"exclude_post\":\"84272,84288,84281,84277,84274,84252,84249\",\"include_category\":\"\",\"exclude_category\":\"\",\"include_author\":\"\",\"include_tag\":\"\",\"exclude_tag\":\"\",\"sort_by\":\"latest\",\"date_format\":\"default\",\"date_format_custom\":\"Y\\\/m\\\/d\",\"excerpt_length\":\"20\",\"excerpt_ellipsis\":\"...\",\"force_normal_image_load\":\"\",\"pagination_mode\":\"disable\",\"pagination_nextprev_showtext\":\"\",\"pagination_number_post\":4,\"pagination_scroll_limit\":0,\"ads_type\":\"disable\",\"ads_position\":1,\"ads_random\":\"\",\"ads_image\":\"\",\"ads_image_tablet\":\"\",\"ads_image_phone\":\"\",\"ads_image_link\":\"\",\"ads_image_alt\":\"\",\"ads_image_new_tab\":\"\",\"google_publisher_id\":\"\",\"google_slot_id\":\"\",\"google_desktop\":\"auto\",\"google_tab\":\"auto\",\"google_phone\":\"auto\",\"content\":\"\",\"ads_bottom_text\":\"\",\"boxed\":\"\",\"boxed_shadow\":\"\",\"el_id\":\"\",\"el_class\":\"\",\"scheme\":\"\",\"column_width\":\"auto\",\"title_color\":\"\",\"accent_color\":\"\",\"alt_color\":\"\",\"excerpt_color\":\"\",\"css\":\"\",\"compatible_column_notice\":\"\",\"paged\":1,\"column_class\":\"jeg_col_2o3\",\"class\":\"jnews_block_3\"};<\/script>\n            <\/div>[vc_column_text][wp_bannerize_pro numbers=&#8221;1&#8243; categories=&#8221;Pagina&#8221; orderby=&#8221;random&#8221; ][\/vc_column_text]<div  class=\"jeg_postblock_3 jeg_postblock jeg_module_hook jeg_pagination_nextprev jeg_col_2o3 jnews_module__3_6a9719a1483b4   \" data-unique=\"jnews_module__3_6a9719a1483b4\">\n                \n                <div class=\"jeg_posts jeg_block_container\">\n                \n                <div class=\"jeg_posts jeg_load_more_flag\">\n                <article class=\"jeg_post jeg_pl_md_2 format-standard\">\n                <div class=\"jeg_thumb\">\n                    \n                    <a href=\"https:\/\/swimchannel.net\/br\/padi-dive-festival-comeca-nesta-sexta-feira-28-e-celebra-20-anos-do-maior-evento-de-mergulho-na-america-latina\/\"><div class=\"thumbnail-container animate-lazy  size-715 \"><img loading=\"lazy\" decoding=\"async\" width=\"350\" height=\"250\" src=\"https:\/\/swimchannel.net\/br\/wp-content\/themes\/jnews\/assets\/img\/jeg-empty.png\" class=\"attachment-jnews-350x250 size-jnews-350x250 lazyload wp-post-image\" alt=\"PADI Dive Festival come\u00e7a nesta sexta-feira (28) e celebra 20 anos\u00a0do maior evento de mergulho na Am\u00e9rica Latina\" sizes=\"auto, (max-width: 350px) 100vw, 350px\" data-src=\"https:\/\/swimchannel.net\/br\/wp-content\/uploads\/2026\/08\/f179eb7a-2ea6-44d2-9ee3-4fe033a20251-350x250.jpg\" data-srcset=\"https:\/\/swimchannel.net\/br\/wp-content\/uploads\/2026\/08\/f179eb7a-2ea6-44d2-9ee3-4fe033a20251-350x250.jpg 350w, https:\/\/swimchannel.net\/br\/wp-content\/uploads\/2026\/08\/f179eb7a-2ea6-44d2-9ee3-4fe033a20251-120x86.jpg 120w, https:\/\/swimchannel.net\/br\/wp-content\/uploads\/2026\/08\/f179eb7a-2ea6-44d2-9ee3-4fe033a20251-750x536.jpg 750w\" data-sizes=\"auto\" data-expand=\"700\" \/><\/div><\/a>\n                <\/div>\n                <div class=\"jeg_postblock_content\">\n                    <h3 class=\"jeg_post_title\">\n                        <a href=\"https:\/\/swimchannel.net\/br\/padi-dive-festival-comeca-nesta-sexta-feira-28-e-celebra-20-anos-do-maior-evento-de-mergulho-na-america-latina\/\">PADI Dive Festival come\u00e7a nesta sexta-feira (28) e celebra 20 anos\u00a0do maior evento de mergulho na Am\u00e9rica Latina<\/a>\n                    <\/h3>\n                    <div class=\"jeg_post_meta\"><div class=\"jeg_meta_author\"><span class=\"by\">Por<\/span> <a href=\"https:\/\/swimchannel.net\/br\/author\/katarine-monteiro\/\">Katarine Monteiro<\/a><\/div><div class=\"jeg_meta_date\"><a href=\"https:\/\/swimchannel.net\/br\/padi-dive-festival-comeca-nesta-sexta-feira-28-e-celebra-20-anos-do-maior-evento-de-mergulho-na-america-latina\/\"><i class=\"fa fa-clock-o\"><\/i> 28 de agosto de 2026<\/a><\/div><div class=\"jeg_meta_comment\"><a href=\"https:\/\/swimchannel.net\/br\/padi-dive-festival-comeca-nesta-sexta-feira-28-e-celebra-20-anos-do-maior-evento-de-mergulho-na-america-latina\/#comments\" ><i class=\"fa fa-comment-o\"><\/i> 0 <\/a><\/div><\/div>\n                    <div class=\"jeg_post_excerpt\">\n                        <p>O PADI Dive Festival, maior evento de mergulho da Am\u00e9rica Latina, chega \u00e0 sua hist\u00f3rica 20\u00aa edi\u00e7\u00e3o consolidando-se como o...<\/p>\n                    <\/div>\n                <\/div>\n            <\/article><article class=\"jeg_post jeg_pl_md_2 format-standard\">\n                <div class=\"jeg_thumb\">\n                    \n                    <a href=\"https:\/\/swimchannel.net\/br\/brasil-disputa-o-parapan-pacifico-com-16-nadadores\/\"><div class=\"thumbnail-container animate-lazy  size-715 \"><img loading=\"lazy\" decoding=\"async\" width=\"350\" height=\"250\" src=\"https:\/\/swimchannel.net\/br\/wp-content\/themes\/jnews\/assets\/img\/jeg-empty.png\" class=\"attachment-jnews-350x250 size-jnews-350x250 lazyload wp-post-image\" alt=\"Sele\u00e7\u00e3o brasileira paral\u00edmpica disputa etapa da World Series esta semana\" sizes=\"auto, (max-width: 350px) 100vw, 350px\" data-src=\"https:\/\/swimchannel.net\/br\/wp-content\/uploads\/2025\/03\/Maria_Carolina_Santiago_Paris2024-1920x1329-1-350x250.webp\" data-srcset=\"https:\/\/swimchannel.net\/br\/wp-content\/uploads\/2025\/03\/Maria_Carolina_Santiago_Paris2024-1920x1329-1-350x250.webp 350w, https:\/\/swimchannel.net\/br\/wp-content\/uploads\/2025\/03\/Maria_Carolina_Santiago_Paris2024-1920x1329-1-120x86.webp 120w, https:\/\/swimchannel.net\/br\/wp-content\/uploads\/2025\/03\/Maria_Carolina_Santiago_Paris2024-1920x1329-1-750x536.webp 750w, https:\/\/swimchannel.net\/br\/wp-content\/uploads\/2025\/03\/Maria_Carolina_Santiago_Paris2024-1920x1329-1-1140x815.webp 1140w\" data-sizes=\"auto\" data-expand=\"700\" \/><\/div><\/a>\n                <\/div>\n                <div class=\"jeg_postblock_content\">\n                    <h3 class=\"jeg_post_title\">\n                        <a href=\"https:\/\/swimchannel.net\/br\/brasil-disputa-o-parapan-pacifico-com-16-nadadores\/\">Brasil disputa o Parapan-Pac\u00edfico com 16 nadadores<\/a>\n                    <\/h3>\n                    <div class=\"jeg_post_meta\"><div class=\"jeg_meta_author\"><span class=\"by\">Por<\/span> <a href=\"https:\/\/swimchannel.net\/br\/author\/guilherme-freitas\/\">Guilherme Freitas<\/a><\/div><div class=\"jeg_meta_date\"><a href=\"https:\/\/swimchannel.net\/br\/brasil-disputa-o-parapan-pacifico-com-16-nadadores\/\"><i class=\"fa fa-clock-o\"><\/i> 28 de agosto de 2026<\/a><\/div><div class=\"jeg_meta_comment\"><a href=\"https:\/\/swimchannel.net\/br\/brasil-disputa-o-parapan-pacifico-com-16-nadadores\/#comments\" ><i class=\"fa fa-comment-o\"><\/i> 0 <\/a><\/div><\/div>\n                    <div class=\"jeg_post_excerpt\">\n                        <p>Tem in\u00edcio nesta sexta-feira, em Walnut, nos Estados Unidos, o Campeonato Parapan-Pac\u00edfico de Nata\u00e7\u00e3o. Ap\u00f3s as vers\u00f5es convencionais e j\u00fanior,...<\/p>\n                    <\/div>\n                <\/div>\n            <\/article><article class=\"jeg_post jeg_pl_md_2 format-standard\">\n                <div class=\"jeg_thumb\">\n                    \n                    <a href=\"https:\/\/swimchannel.net\/br\/divulgado-o-start-list-do-trofeu-jose-finkel\/\"><div class=\"thumbnail-container animate-lazy  size-715 \"><img loading=\"lazy\" decoding=\"async\" width=\"350\" height=\"250\" src=\"https:\/\/swimchannel.net\/br\/wp-content\/themes\/jnews\/assets\/img\/jeg-empty.png\" class=\"attachment-jnews-350x250 size-jnews-350x250 lazyload wp-post-image\" alt=\"Resumo das eliminat\u00f3rias do dia 2 do Trof\u00e9u Jos\u00e9 Finkel\" sizes=\"auto, (max-width: 350px) 100vw, 350px\" data-src=\"https:\/\/swimchannel.net\/br\/wp-content\/uploads\/2023\/11\/53301591925_9a6a7d6928_k-350x250.jpg\" data-srcset=\"https:\/\/swimchannel.net\/br\/wp-content\/uploads\/2023\/11\/53301591925_9a6a7d6928_k-350x250.jpg 350w, https:\/\/swimchannel.net\/br\/wp-content\/uploads\/2023\/11\/53301591925_9a6a7d6928_k-120x86.jpg 120w, https:\/\/swimchannel.net\/br\/wp-content\/uploads\/2023\/11\/53301591925_9a6a7d6928_k-750x536.jpg 750w\" data-sizes=\"auto\" data-expand=\"700\" \/><\/div><\/a>\n                <\/div>\n                <div class=\"jeg_postblock_content\">\n                    <h3 class=\"jeg_post_title\">\n                        <a href=\"https:\/\/swimchannel.net\/br\/divulgado-o-start-list-do-trofeu-jose-finkel\/\">Divulgado o start list do Trof\u00e9u Jos\u00e9 Finkel<\/a>\n                    <\/h3>\n                    <div class=\"jeg_post_meta\"><div class=\"jeg_meta_author\"><span class=\"by\">Por<\/span> <a href=\"https:\/\/swimchannel.net\/br\/author\/guilherme-freitas\/\">Guilherme Freitas<\/a><\/div><div class=\"jeg_meta_date\"><a href=\"https:\/\/swimchannel.net\/br\/divulgado-o-start-list-do-trofeu-jose-finkel\/\"><i class=\"fa fa-clock-o\"><\/i> 27 de agosto de 2026<\/a><\/div><div class=\"jeg_meta_comment\"><a href=\"https:\/\/swimchannel.net\/br\/divulgado-o-start-list-do-trofeu-jose-finkel\/#comments\" ><i class=\"fa fa-comment-o\"><\/i> 0 <\/a><\/div><\/div>\n                    <div class=\"jeg_post_excerpt\">\n                        <p>J\u00e1 dispon\u00edvel o start list do Trof\u00e9u Jos\u00e9 Finkel, que ser\u00e1 realizado entre os dias 31 de agosto e 4...<\/p>\n                    <\/div>\n                <\/div>\n            <\/article>\n            <\/div>\n                <div class='module-overlay'>\n                <div class='preloader_type preloader_dot'>\n                    <div class=\"module-preloader jeg_preloader dot\">\n                        <span><\/span><span><\/span><span><\/span>\n                    <\/div>\n                    <div class=\"module-preloader jeg_preloader circle\">\n                        <div class=\"jnews_preloader_circle_outer\">\n                            <div class=\"jnews_preloader_circle_inner\"><\/div>\n                        <\/div>\n                    <\/div>\n                    <div class=\"module-preloader jeg_preloader square\">\n                        <div class=\"jeg_square\"><div class=\"jeg_square_inner\"><\/div><\/div>\n                    <\/div>\n                <\/div>\n            <\/div>\n            <\/div>\n            <div class=\"jeg_block_navigation\">\n                <div class='navigation_overlay'><div class='module-preloader jeg_preloader'><span><\/span><span><\/span><span><\/span><\/div><\/div>\n                <div class=\"jeg_block_nav  showtext\">\n                    <a href=\"#\" class=\"prev disabled\" title=\"Previous\"><i class=\"fa fa-angle-left\"><\/i> Anterior<\/a>\n                    <a href=\"#\" class=\"next \" title=\"Pr\u00f3ximo\">Pr\u00f3ximo  <i class=\"fa fa-angle-right\"><\/i><\/a>\n                <\/div>\n                \n            <\/div>\n                \n                <script>var jnews_module__3_6a9719a1483b4 = {\"header_icon\":\"\",\"first_title\":\"\",\"second_title\":\"\",\"url\":\"\",\"header_type\":\"heading_6\",\"header_background\":\"\",\"header_secondary_background\":\"\",\"header_text_color\":\"\",\"header_line_color\":\"\",\"header_accent_color\":\"\",\"header_filter_category\":\"\",\"header_filter_author\":\"\",\"header_filter_tag\":\"\",\"header_filter_text\":\"All\",\"post_type\":\"post\",\"content_type\":\"all\",\"number_post\":\"3\",\"post_offset\":\"0\",\"unique_content\":\"unique1\",\"include_post\":\"\",\"exclude_post\":\"84272,84288,84281,84277,84274,84252,84249,84244,84233,84220\",\"include_category\":\"\",\"exclude_category\":\"\",\"include_author\":\"\",\"include_tag\":\"\",\"exclude_tag\":\"\",\"sort_by\":\"latest\",\"date_format\":\"default\",\"date_format_custom\":\"Y\\\/m\\\/d\",\"excerpt_length\":\"20\",\"excerpt_ellipsis\":\"...\",\"force_normal_image_load\":\"\",\"pagination_mode\":\"nextprev\",\"pagination_nextprev_showtext\":\"no\",\"pagination_number_post\":\"4\",\"pagination_scroll_limit\":0,\"ads_type\":\"disable\",\"ads_position\":1,\"ads_random\":\"\",\"ads_image\":\"\",\"ads_image_tablet\":\"\",\"ads_image_phone\":\"\",\"ads_image_link\":\"\",\"ads_image_alt\":\"\",\"ads_image_new_tab\":\"\",\"google_publisher_id\":\"\",\"google_slot_id\":\"\",\"google_desktop\":\"auto\",\"google_tab\":\"auto\",\"google_phone\":\"auto\",\"content\":\"\",\"ads_bottom_text\":\"\",\"boxed\":\"\",\"boxed_shadow\":\"\",\"el_id\":\"\",\"el_class\":\"\",\"scheme\":\"\",\"column_width\":\"auto\",\"title_color\":\"\",\"accent_color\":\"\",\"alt_color\":\"\",\"excerpt_color\":\"\",\"css\":\"\",\"compatible_column_notice\":\"\",\"paged\":1,\"column_class\":\"jeg_col_2o3\",\"class\":\"jnews_block_3\"};<\/script>\n            <\/div>[vc_column_text][wp_bannerize_pro numbers=&#8221;1&#8243; categories=&#8221;Pagina&#8221; orderby=&#8221;random&#8221; ][\/vc_column_text][\/vc_column][vc_column width=&#8221;1\/3&#8243; sticky_sidebar=&#8221;yes&#8221; set_as_sidebar=&#8221;yes&#8221;][vc_widget_sidebar sidebar_id=&#8221;home&#8221;][vc_column_text][wp_bannerize_pro numbers=&#8221;1&#8243; categories=&#8221;Quadrado Lateral&#8221; orderby=&#8221;random&#8221; ][\/vc_column_text][vc_column_text][wp_bannerize_pro numbers=&#8221;1&#8243; categories=&#8221;Retangular Lateral&#8221; orderby=&#8221;random&#8221; ][\/vc_column_text][\/vc_column][\/vc_row][vc_row][vc_column]<div  class=\"jeg_block_heading jeg_block_heading_1 jeg_aligncenter jnews_module__4_6a9719a14ab34   \">\n                <h3 class=\"jeg_block_title\"><span><i class='fas fa-cart-plus'><\/i>Loja<strong>Online<\/strong><\/span><\/h3>\n                \n            <\/div>[\/vc_column][\/vc_row][vc_row][vc_column][vc_empty_space][\/vc_column][\/vc_row][vc_row equal_height=&#8221;yes&#8221; vc_row_background=&#8221;&#8221;][vc_column width=&#8221;1\/12&#8243;][\/vc_column][vc_column width=&#8221;1\/12&#8243;][vc_single_image image=&#8221;42193&#8243; img_size=&#8221;full&#8221; alignment=&#8221;center&#8221; onclick=&#8221;custom_link&#8221; link=&#8221;https:\/\/loja.swimchannel.net\/categoria-produto\/oculos-de-natacao\/&#8221;][vc_column_text]<\/p>\n<h6 style=\"text-align: center;\"><strong>\u00d3culos<\/strong><\/h6>\n<p>[\/vc_column_text][\/vc_column][vc_column width=&#8221;1\/12&#8243;][vc_single_image image=&#8221;42192&#8243; img_size=&#8221;full&#8221; alignment=&#8221;center&#8221; onclick=&#8221;custom_link&#8221; link=&#8221;https:\/\/loja.swimchannel.net\/categoria-produto\/acessorios\/nadadeira\/&#8221;][vc_column_text]<\/p>\n<h6 style=\"text-align: center;\"><strong>Nadadeiras<\/strong><\/h6>\n<p>[\/vc_column_text][\/vc_column][vc_column width=&#8221;1\/12&#8243;][vc_single_image image=&#8221;42186&#8243; img_size=&#8221;full&#8221; add_caption=&#8221;yes&#8221; alignment=&#8221;center&#8221; onclick=&#8221;custom_link&#8221; link=&#8221;https:\/\/loja.swimchannel.net\/categoria-produto\/triatlo\/roupa-de-neoprene\/&#8221;][vc_column_text]<\/p>\n<h6 style=\"text-align: center;\"><strong>Neoprene<\/strong><\/h6>\n<p>[\/vc_column_text][\/vc_column][vc_column width=&#8221;1\/12&#8243;][vc_single_image image=&#8221;42187&#8243; img_size=&#8221;full&#8221; alignment=&#8221;center&#8221; onclick=&#8221;custom_link&#8221; link=&#8221;https:\/\/loja.swimchannel.net\/categoria-produto\/homens\/treinamento\/sunga-treinamento\/&#8221;][vc_column_text]<\/p>\n<h6 style=\"text-align: center;\"><strong>Sungas<\/strong><\/h6>\n<p>[\/vc_column_text][\/vc_column][vc_column width=&#8221;1\/12&#8243;][vc_single_image image=&#8221;42189&#8243; img_size=&#8221;full&#8221; alignment=&#8221;center&#8221; onclick=&#8221;custom_link&#8221; link=&#8221;https:\/\/loja.swimchannel.net\/categoria-produto\/mulheres\/treinamento-mulheres\/sunquini\/&#8221;][vc_column_text]<\/p>\n<h6 style=\"text-align: center;\"><strong>Mai\u00f4s<\/strong><\/h6>\n<p>[\/vc_column_text][\/vc_column][vc_column width=&#8221;1\/12&#8243;][vc_single_image image=&#8221;42191&#8243; img_size=&#8221;full&#8221; alignment=&#8221;center&#8221; onclick=&#8221;custom_link&#8221; link=&#8221;https:\/\/loja.swimchannel.net\/categoria-produto\/mulheres\/treinamento-mulheres\/sunquini\/&#8221;][vc_column_text]<\/p>\n<h6 style=\"text-align: center;\"><strong>Sunquinis<\/strong><\/h6>\n<p>[\/vc_column_text][\/vc_column][vc_column width=&#8221;1\/12&#8243;][vc_single_image image=&#8221;42184&#8243; img_size=&#8221;full&#8221; alignment=&#8221;center&#8221; onclick=&#8221;custom_link&#8221; link=&#8221;https:\/\/loja.swimchannel.net\/categoria-produto\/acessorios\/palmar\/&#8221;][vc_column_text]<\/p>\n<h6 style=\"text-align: center;\"><strong>Palmar<\/strong><\/h6>\n<p>[\/vc_column_text][\/vc_column][vc_column width=&#8221;1\/12&#8243;][vc_single_image image=&#8221;42190&#8243; img_size=&#8221;full&#8221; alignment=&#8221;center&#8221; onclick=&#8221;custom_link&#8221; link=&#8221;https:\/\/loja.swimchannel.net\/categoria-produto\/acessorios\/futuador\/&#8221;][vc_column_text]<\/p>\n<h6 style=\"text-align: center;\"><strong>Flutuador<\/strong><\/h6>\n<p>[\/vc_column_text][\/vc_column][vc_column width=&#8221;1\/12&#8243;][vc_single_image image=&#8221;42185&#8243; img_size=&#8221;full&#8221; alignment=&#8221;center&#8221; onclick=&#8221;custom_link&#8221; link=&#8221;https:\/\/loja.swimchannel.net\/categoria-produto\/acessorios\/prancha\/&#8221;][vc_column_text]<\/p>\n<h6 style=\"text-align: center;\"><strong>Pranchas<\/strong><\/h6>\n<p>[\/vc_column_text][\/vc_column][vc_column width=&#8221;1\/12&#8243;][vc_single_image image=&#8221;42188&#8243; img_size=&#8221;full&#8221; alignment=&#8221;center&#8221; onclick=&#8221;custom_link&#8221; link=&#8221;https:\/\/loja.swimchannel.net\/categoria-produto\/acessorios\/snorkel\/&#8221;][vc_column_text]<\/p>\n<h6 style=\"text-align: center;\"><strong>Snorkel<\/strong><\/h6>\n<p>[\/vc_column_text][\/vc_column][\/vc_row][vc_row][vc_column][vc_empty_space height=&#8221;60px&#8221;][vc_separator][vc_column_text][wp_bannerize_pro numbers=&#8221;1&#8243; categories=&#8221;Topo&#8221; orderby=&#8221;random&#8221; ][\/vc_column_text][\/vc_column][\/vc_row]<\/p>\n","protected":false},"excerpt":{"rendered":"<p>[vc_row full_width=&#8221;stretch_row&#8221; vc_row_background=&#8221;&#8221;][vc_column width=&#8221;1\/2&#8243; css=&#8221;.vc_custom_1741040632144{margin-top: 40px !important;margin-left: -100px !important;}&#8221;][vc_single_image image=&#8221;69719&#8243; img_size=&#8221;200&#215;112&#8243; alignment=&#8221;right&#8221;][\/vc_column][vc_column width=&#8221;1\/2&#8243;][vc_column_text] [elfsight_countdown_timer id=&#8221;1&#8243;] [\/vc_column_text][\/vc_column][\/vc_row][vc_row][vc_column][vc_column_text][wp_bannerize_pro numbers=&#8221;1&#8243; categories=&#8221;Topo&#8221; orderby=&#8221;random&#8221; ][\/vc_column_text][\/vc_column][\/vc_row][vc_row][vc_column][vc_column_text][wp_bannerize_pro numbers=&#8221;1&#8243; categories=&#8221;Topo&#8221; orderby=&#8221;random&#8221; ][\/vc_column_text][\/vc_column][\/vc_row][vc_row][vc_column width=&#8221;1\/2&#8243;][vc_video link=&#8221;https:\/\/www.youtube.com\/live\/Tub7KPSFB3E?si=b_L4evu3uwAbdSdn&#8221;][\/vc_column][vc_column width=&#8221;1\/2&#8243;][vc_single_image image=&#8221;65429&#8243; img_size=&#8221;full&#8221; onclick=&#8221;custom_link&#8221; link=&#8221;https:\/\/loja.swimchannel.net\/loja\/?product-cat=cbda&#8221;][\/vc_column][\/vc_row][vc_row][vc_column][vc_empty_space height=&#8221;62px&#8221;][vc_column_text][wp_bannerize_pro numbers=&#8221;1&#8243; categories=&#8221;Topo&#8221; orderby=&#8221;random&#8221; ][\/vc_column_text][\/vc_column][\/vc_row][vc_row][vc_column width=&#8221;2\/3&#8243;][vc_column_text][wp_bannerize_pro numbers=&#8221;1&#8243; categories=&#8221;Pagina&#8221; orderby=&#8221;random&#8221; ][\/vc_column_text][vc_column_text][wp_bannerize_pro numbers=&#8221;1&#8243; categories=&#8221;Pagina&#8221; orderby=&#8221;random&#8221; ][\/vc_column_text][vc_column_text][wp_bannerize_pro numbers=&#8221;1&#8243; categories=&#8221;Pagina&#8221; orderby=&#8221;random&#8221; ][\/vc_column_text][\/vc_column][vc_column width=&#8221;1\/3&#8243; sticky_sidebar=&#8221;yes&#8221; set_as_sidebar=&#8221;yes&#8221;][vc_widget_sidebar sidebar_id=&#8221;home&#8221;][vc_column_text][wp_bannerize_pro numbers=&#8221;1&#8243; categories=&#8221;Quadrado [&hellip;]<\/p>\n","protected":false},"author":2,"featured_media":0,"parent":0,"menu_order":0,"comment_status":"closed","ping_status":"open","template":"","meta":{"footnotes":""},"class_list":["post-27485","page","type-page","status-publish","hentry"],"yoast_head":"<!-- This site is optimized with the Yoast SEO plugin v28.3 - https:\/\/yoast.com\/product\/yoast-seo-wordpress\/ -->\n<title>Swim Channel<\/title>\n<meta name=\"description\" content=\"A Swim Channel e\u0301 hoje o maior e principal HUB de conteu\u0301do e servic\u0327os da natac\u0327a\u0303o do Brasil. Nossa missa\u0303o e\u0301 fomentar o segmento, oferecendo soluc\u0327o\u0303es que atendam os praticantes e simpatizantes do esporte.\" \/>\n<meta name=\"robots\" content=\"index, follow, max-snippet:-1, max-image-preview:large, max-video-preview:-1\" \/>\n<link rel=\"canonical\" href=\"https:\/\/swimchannel.net\/br\/home-2\/\" \/>\n<meta property=\"og:locale\" content=\"pt_BR\" \/>\n<meta property=\"og:type\" content=\"article\" \/>\n<meta property=\"og:title\" content=\"Swim Channel\" \/>\n<meta property=\"og:description\" content=\"A Swim Channel e\u0301 hoje o maior e principal HUB de conteu\u0301do e servic\u0327os da natac\u0327a\u0303o do Brasil. Nossa missa\u0303o e\u0301 fomentar o segmento, oferecendo soluc\u0327o\u0303es que atendam os praticantes e simpatizantes do esporte.\" \/>\n<meta property=\"og:url\" content=\"https:\/\/swimchannel.net\/br\/home-2\/\" \/>\n<meta property=\"og:site_name\" content=\"Swimchannel\" \/>\n<meta property=\"article:publisher\" content=\"https:\/\/www.facebook.com\/swimchannel\" \/>\n<meta property=\"article:modified_time\" content=\"2025-03-03T22:24:58+00:00\" \/>\n<meta name=\"twitter:card\" content=\"summary_large_image\" \/>\n<meta name=\"twitter:label1\" content=\"Est. tempo de leitura\" \/>\n\t<meta name=\"twitter:data1\" content=\"4 minutos\" \/>\n<script type=\"application\/ld+json\" class=\"yoast-schema-graph\">{\"@context\":\"https:\\\/\\\/schema.org\",\"@graph\":[{\"@type\":\"WebPage\",\"@id\":\"https:\\\/\\\/swimchannel.net\\\/br\\\/home-2\\\/\",\"url\":\"https:\\\/\\\/swimchannel.net\\\/br\\\/home-2\\\/\",\"name\":\"Swim Channel\",\"isPartOf\":{\"@id\":\"https:\\\/\\\/swimchannel.net\\\/br\\\/#website\"},\"datePublished\":\"2020-11-24T20:32:35+00:00\",\"dateModified\":\"2025-03-03T22:24:58+00:00\",\"description\":\"A Swim Channel e\u0301 hoje o maior e principal HUB de conteu\u0301do e servic\u0327os da natac\u0327a\u0303o do Brasil. Nossa missa\u0303o e\u0301 fomentar o segmento, oferecendo soluc\u0327o\u0303es que atendam os praticantes e simpatizantes do esporte.\",\"breadcrumb\":{\"@id\":\"https:\\\/\\\/swimchannel.net\\\/br\\\/home-2\\\/#breadcrumb\"},\"inLanguage\":\"pt-BR\",\"potentialAction\":[{\"@type\":\"ReadAction\",\"target\":[\"https:\\\/\\\/swimchannel.net\\\/br\\\/home-2\\\/\"]}]},{\"@type\":\"BreadcrumbList\",\"@id\":\"https:\\\/\\\/swimchannel.net\\\/br\\\/home-2\\\/#breadcrumb\",\"itemListElement\":[{\"@type\":\"ListItem\",\"position\":1,\"name\":\"Home\",\"item\":\"https:\\\/\\\/swimchannel.net\\\/br\\\/\"},{\"@type\":\"ListItem\",\"position\":2,\"name\":\"Home2\"}]},{\"@type\":\"WebSite\",\"@id\":\"https:\\\/\\\/swimchannel.net\\\/br\\\/#website\",\"url\":\"https:\\\/\\\/swimchannel.net\\\/br\\\/\",\"name\":\"Swimchannel\",\"description\":\"Maior portal de nata\u00e7\u00e3o da america latina\",\"publisher\":{\"@id\":\"https:\\\/\\\/swimchannel.net\\\/br\\\/#organization\"},\"potentialAction\":[{\"@type\":\"SearchAction\",\"target\":{\"@type\":\"EntryPoint\",\"urlTemplate\":\"https:\\\/\\\/swimchannel.net\\\/br\\\/?s={search_term_string}\"},\"query-input\":{\"@type\":\"PropertyValueSpecification\",\"valueRequired\":true,\"valueName\":\"search_term_string\"}}],\"inLanguage\":\"pt-BR\"},{\"@type\":\"Organization\",\"@id\":\"https:\\\/\\\/swimchannel.net\\\/br\\\/#organization\",\"name\":\"Swimchannel - Conectando voc\u00ea a Nata\u00e7\u00e3o\",\"url\":\"https:\\\/\\\/swimchannel.net\\\/br\\\/\",\"logo\":{\"@type\":\"ImageObject\",\"inLanguage\":\"pt-BR\",\"@id\":\"https:\\\/\\\/swimchannel.net\\\/br\\\/#\\\/schema\\\/logo\\\/image\\\/\",\"url\":\"https:\\\/\\\/swimchannel.net\\\/br\\\/wp-content\\\/uploads\\\/2026\\\/02\\\/SWIM-CHANNEL.png\",\"contentUrl\":\"https:\\\/\\\/swimchannel.net\\\/br\\\/wp-content\\\/uploads\\\/2026\\\/02\\\/SWIM-CHANNEL.png\",\"width\":1120,\"height\":630,\"caption\":\"Swimchannel - Conectando voc\u00ea a Nata\u00e7\u00e3o\"},\"image\":{\"@id\":\"https:\\\/\\\/swimchannel.net\\\/br\\\/#\\\/schema\\\/logo\\\/image\\\/\"},\"sameAs\":[\"https:\\\/\\\/www.facebook.com\\\/swimchannel\",\"https:\\\/\\\/www.instagram.com\\\/swimchannel\"]}]}<\/script>\n<!-- \/ Yoast SEO plugin. -->","yoast_head_json":{"title":"Swim Channel","description":"A Swim Channel e\u0301 hoje o maior e principal HUB de conteu\u0301do e servic\u0327os da natac\u0327a\u0303o do Brasil. Nossa missa\u0303o e\u0301 fomentar o segmento, oferecendo soluc\u0327o\u0303es que atendam os praticantes e simpatizantes do esporte.","robots":{"index":"index","follow":"follow","max-snippet":"max-snippet:-1","max-image-preview":"max-image-preview:large","max-video-preview":"max-video-preview:-1"},"canonical":"https:\/\/swimchannel.net\/br\/home-2\/","og_locale":"pt_BR","og_type":"article","og_title":"Swim Channel","og_description":"A Swim Channel e\u0301 hoje o maior e principal HUB de conteu\u0301do e servic\u0327os da natac\u0327a\u0303o do Brasil. Nossa missa\u0303o e\u0301 fomentar o segmento, oferecendo soluc\u0327o\u0303es que atendam os praticantes e simpatizantes do esporte.","og_url":"https:\/\/swimchannel.net\/br\/home-2\/","og_site_name":"Swimchannel","article_publisher":"https:\/\/www.facebook.com\/swimchannel","article_modified_time":"2025-03-03T22:24:58+00:00","twitter_card":"summary_large_image","twitter_misc":{"Est. tempo de leitura":"4 minutos"},"schema":{"@context":"https:\/\/schema.org","@graph":[{"@type":"WebPage","@id":"https:\/\/swimchannel.net\/br\/home-2\/","url":"https:\/\/swimchannel.net\/br\/home-2\/","name":"Swim Channel","isPartOf":{"@id":"https:\/\/swimchannel.net\/br\/#website"},"datePublished":"2020-11-24T20:32:35+00:00","dateModified":"2025-03-03T22:24:58+00:00","description":"A Swim Channel e\u0301 hoje o maior e principal HUB de conteu\u0301do e servic\u0327os da natac\u0327a\u0303o do Brasil. Nossa missa\u0303o e\u0301 fomentar o segmento, oferecendo soluc\u0327o\u0303es que atendam os praticantes e simpatizantes do esporte.","breadcrumb":{"@id":"https:\/\/swimchannel.net\/br\/home-2\/#breadcrumb"},"inLanguage":"pt-BR","potentialAction":[{"@type":"ReadAction","target":["https:\/\/swimchannel.net\/br\/home-2\/"]}]},{"@type":"BreadcrumbList","@id":"https:\/\/swimchannel.net\/br\/home-2\/#breadcrumb","itemListElement":[{"@type":"ListItem","position":1,"name":"Home","item":"https:\/\/swimchannel.net\/br\/"},{"@type":"ListItem","position":2,"name":"Home2"}]},{"@type":"WebSite","@id":"https:\/\/swimchannel.net\/br\/#website","url":"https:\/\/swimchannel.net\/br\/","name":"Swimchannel","description":"Maior portal de nata\u00e7\u00e3o da america latina","publisher":{"@id":"https:\/\/swimchannel.net\/br\/#organization"},"potentialAction":[{"@type":"SearchAction","target":{"@type":"EntryPoint","urlTemplate":"https:\/\/swimchannel.net\/br\/?s={search_term_string}"},"query-input":{"@type":"PropertyValueSpecification","valueRequired":true,"valueName":"search_term_string"}}],"inLanguage":"pt-BR"},{"@type":"Organization","@id":"https:\/\/swimchannel.net\/br\/#organization","name":"Swimchannel - Conectando voc\u00ea a Nata\u00e7\u00e3o","url":"https:\/\/swimchannel.net\/br\/","logo":{"@type":"ImageObject","inLanguage":"pt-BR","@id":"https:\/\/swimchannel.net\/br\/#\/schema\/logo\/image\/","url":"https:\/\/swimchannel.net\/br\/wp-content\/uploads\/2026\/02\/SWIM-CHANNEL.png","contentUrl":"https:\/\/swimchannel.net\/br\/wp-content\/uploads\/2026\/02\/SWIM-CHANNEL.png","width":1120,"height":630,"caption":"Swimchannel - Conectando voc\u00ea a Nata\u00e7\u00e3o"},"image":{"@id":"https:\/\/swimchannel.net\/br\/#\/schema\/logo\/image\/"},"sameAs":["https:\/\/www.facebook.com\/swimchannel","https:\/\/www.instagram.com\/swimchannel"]}]}},"_links":{"self":[{"href":"https:\/\/swimchannel.net\/br\/wp-json\/wp\/v2\/pages\/27485","targetHints":{"allow":["GET"]}}],"collection":[{"href":"https:\/\/swimchannel.net\/br\/wp-json\/wp\/v2\/pages"}],"about":[{"href":"https:\/\/swimchannel.net\/br\/wp-json\/wp\/v2\/types\/page"}],"author":[{"embeddable":true,"href":"https:\/\/swimchannel.net\/br\/wp-json\/wp\/v2\/users\/2"}],"replies":[{"embeddable":true,"href":"https:\/\/swimchannel.net\/br\/wp-json\/wp\/v2\/comments?post=27485"}],"version-history":[{"count":47,"href":"https:\/\/swimchannel.net\/br\/wp-json\/wp\/v2\/pages\/27485\/revisions"}],"predecessor-version":[{"id":72000,"href":"https:\/\/swimchannel.net\/br\/wp-json\/wp\/v2\/pages\/27485\/revisions\/72000"}],"wp:attachment":[{"href":"https:\/\/swimchannel.net\/br\/wp-json\/wp\/v2\/media?parent=27485"}],"curies":[{"name":"wp","href":"https:\/\/api.w.org\/{rel}","templated":true}]}}